{"id":1413,"date":"2022-01-10T11:21:20","date_gmt":"2022-01-10T16:21:20","guid":{"rendered":"https:\/\/www.campmapleleaf.ca\/our-story\/"},"modified":"2023-02-08T10:37:48","modified_gmt":"2023-02-08T15:37:48","slug":"notre-histoire","status":"publish","type":"page","link":"https:\/\/www.campmapleleaf.ca\/fr\/notre-histoire\/","title":{"rendered":"Notre histoire"},"content":{"rendered":"<div class=\"wpb-content-wrapper\"><p>[vc_row css_animation=\u00a0\u00bb\u00a0\u00bb row_type=\u00a0\u00bbrow\u00a0\u00bb use_row_as_full_screen_section=\u00a0\u00bbno\u00a0\u00bb type=\u00a0\u00bbgrid\u00a0\u00bb angled_section=\u00a0\u00bbno\u00a0\u00bb text_align=\u00a0\u00bbleft\u00a0\u00bb background_image_as_pattern=\u00a0\u00bbwithout_pattern\u00a0\u00bb padding_top=\u00a0\u00bb40&Prime; padding_bottom=\u00a0\u00bb40&Prime; z_index=\u00a0\u00bb\u00a0\u00bb][vc_column offset=\u00a0\u00bbvc_col-md-7&Prime;][vc_empty_space height=\u00a0\u00bb20px\u00a0\u00bb][vc_column_text]<\/p>\n<h3>Organisme de bienfaisance fond\u00e9 en 1955, le Camp Maple Leaf a accueilli des milliers d\u2019enfants qui rencontrent des difficult\u00e9s semblables au cours des 65 derni\u00e8res ann\u00e9es.<\/h3>\n<p>[\/vc_column_text][vc_empty_space height=\u00a0\u00bb20px\u00a0\u00bb][vc_separator type=\u00a0\u00bbnormal\u00a0\u00bb color=\u00a0\u00bb#031959&Prime;][vc_empty_space height=\u00a0\u00bb20px\u00a0\u00bb][vc_row_inner row_type=\u00a0\u00bbrow\u00a0\u00bb type=\u00a0\u00bbfull_width\u00a0\u00bb text_align=\u00a0\u00bbleft\u00a0\u00bb css_animation=\u00a0\u00bb\u00a0\u00bb][vc_column_inner][vc_column_text]Notre camp principal situ\u00e9 sur une \u00eele priv\u00e9e dans la magnifique r\u00e9gion des lacs Kawartha en Ontario a permis \u00e0 des milliers d\u2019enfants qui vivent une exp\u00e9rience semblable de s\u2019amuser et de forger des amiti\u00e9s dans un environnement accueillant. Beaucoup le fr\u00e9quentent encore \u00e0 titre d\u2019employ\u00e9s et de b\u00e9n\u00e9voles.<\/p>\n<p>Depuis 2016, la Tanamakoon Charitable Foundation a le privil\u00e8ge de perp\u00e9tuer cette fi\u00e8re tradition. Nous avons le plaisir d\u2019inaugurer un nouveau camp au Nouveau-Brunswick \u00e0 l\u2019\u00e9t\u00e9 2022 pour accueillir encore plus de campeurs![\/vc_column_text][vc_empty_space height=\u00a0\u00bb30px\u00a0\u00bb][\/vc_column_inner][\/vc_row_inner][\/vc_column][vc_column offset=\u00a0\u00bbvc_col-md-5&Prime; css=\u00a0\u00bb.vc_custom_1638900058404{padding-right: 25px !important;}\u00a0\u00bb][vc_single_image image=\u00a0\u00bb307&Prime; img_size=\u00a0\u00bbfull\u00a0\u00bb qode_css_animation=\u00a0\u00bb\u00a0\u00bb][vc_empty_space height=\u00a0\u00bb12px\u00a0\u00bb][\/vc_column][\/vc_row][vc_row css_animation=\u00a0\u00bb\u00a0\u00bb row_type=\u00a0\u00bbrow\u00a0\u00bb use_row_as_full_screen_section=\u00a0\u00bbno\u00a0\u00bb type=\u00a0\u00bbgrid\u00a0\u00bb angled_section=\u00a0\u00bbno\u00a0\u00bb text_align=\u00a0\u00bbleft\u00a0\u00bb background_image_as_pattern=\u00a0\u00bbwithout_pattern\u00a0\u00bb padding_top=\u00a0\u00bb40&Prime; padding_bottom=\u00a0\u00bb40&Prime; z_index=\u00a0\u00bb\u00a0\u00bb css=\u00a0\u00bb.vc_custom_1642522702925{background-color: #f0eceb !important;}\u00a0\u00bb][vc_column width=\u00a0\u00bb1\/2&Prime; css=\u00a0\u00bb.vc_custom_1642521894700{padding-right: 25px !important;}\u00a0\u00bb][vc_single_image image=\u00a0\u00bb616&Prime; img_size=\u00a0\u00bbfull\u00a0\u00bb qode_css_animation=\u00a0\u00bb\u00a0\u00bb][vc_empty_space height=\u00a0\u00bb12px\u00a0\u00bb][\/vc_column][vc_column width=\u00a0\u00bb1\/2&Prime;][vc_empty_space height=\u00a0\u00bb30px\u00a0\u00bb][vc_column_text]Nous croyons que notre camp a une incidence positive dans la vie de chacun de nos campeurs et favorise leur \u00e9panouissement. Les enfants de militaires, par exemple, ont souvent du mal \u00e0 nouer des amiti\u00e9s durables \u00e0 cause des d\u00e9m\u00e9nagements fr\u00e9quents. Ils composent aussi souvent avec l\u2019incertitude li\u00e9e aux longs d\u00e9ploiements ou aux blessures de membres de leur famille, entre autres facteurs de stress inh\u00e9rents \u00e0 la vie militaire. Pour certains, il peut m\u00eame s\u2019agir d\u2019un deuil.<\/p>\n<p>D\u2019autres enfants rencontrent des obstacles \u00e0 l\u2019inclusion, ce qui les emp\u00eache de ressentir le sentiment d\u2019appartenance qui est essentiel \u00e0 leur bien-\u00eatre. Le Camp Maple Leaf est un refuge o\u00f9 ils peuvent renforcer leur r\u00e9silience et leur confiance en soi; deux qualit\u00e9s importantes pour affronter un monde toujours plus riche en d\u00e9fis.<\/p>\n<p>Nous remercions nos commanditaires, donateurs, membres du personnel et b\u00e9n\u00e9voles qui ont contribu\u00e9 \u00e0 la r\u00e9ussite du Camp Maple Leaf. Leur soutien montre que tout est possible quand une communaut\u00e9 de passionn\u00e9s se rassemble autour d\u2019une id\u00e9e inspirante. Merci de construire un avenir meilleur avec nous![\/vc_column_text][\/vc_column][\/vc_row][vc_row css_animation=\u00a0\u00bb\u00a0\u00bb row_type=\u00a0\u00bbrow\u00a0\u00bb use_row_as_full_screen_section=\u00a0\u00bbno\u00a0\u00bb type=\u00a0\u00bbgrid\u00a0\u00bb angled_section=\u00a0\u00bbno\u00a0\u00bb text_align=\u00a0\u00bbleft\u00a0\u00bb background_image_as_pattern=\u00a0\u00bbwithout_pattern\u00a0\u00bb padding_top=\u00a0\u00bb151&Prime; padding_bottom=\u00a0\u00bb81&Prime; z_index=\u00a0\u00bb\u00a0\u00bb css=\u00a0\u00bb.vc_custom_1640288746351{background-image: url(https:\/\/devtesting.campmapleleaf.ca\/wp-content\/uploads\/2021\/12\/tama_about-background.jpg?id=429) !important;background-position: center !important;background-repeat: no-repeat !important;background-size: cover !important;}\u00a0\u00bb][vc_column][vc_row_inner row_type=\u00a0\u00bbrow\u00a0\u00bb type=\u00a0\u00bbfull_width\u00a0\u00bb text_align=\u00a0\u00bbleft\u00a0\u00bb css_animation=\u00a0\u00bb\u00a0\u00bb padding_bottom=\u00a0\u00bb107&Prime;][vc_column_inner offset=\u00a0\u00bbvc_col-md-7&Prime;][vc_single_image image=\u00a0\u00bb497&Prime; img_size=\u00a0\u00bbfull\u00a0\u00bb qode_css_animation=\u00a0\u00bb\u00a0\u00bb][vc_empty_space height=\u00a0\u00bb30px\u00a0\u00bb][\/vc_column_inner][vc_column_inner offset=\u00a0\u00bbvc_col-md-5&Prime;][qode_elements_holder number_of_columns=\u00a0\u00bbone_column\u00a0\u00bb][qode_elements_holder_item advanced_animations=\u00a0\u00bbno\u00a0\u00bb item_padding=\u00a0\u00bb0px 0px 0 52px\u00a0\u00bb item_padding_1280_1440=\u00a0\u00bb48px 0px 0 52px\u00a0\u00bb item_padding_768_1024=\u00a0\u00bb16px 0px 0 28px\u00a0\u00bb item_padding_600_768=\u00a0\u00bb40px 0px 0 0px\u00a0\u00bb item_padding_480_600=\u00a0\u00bb40px 0px 0 0px\u00a0\u00bb item_padding_480=\u00a0\u00bb40px 0px 0 0px\u00a0\u00bb][vc_empty_space height=\u00a0\u00bb12px\u00a0\u00bb][vc_column_text]<\/p>\n<h2>Notre histoire<\/h2>\n<p>[\/vc_column_text][vc_empty_space height=\u00a0\u00bb20px\u00a0\u00bb][vc_separator type=\u00a0\u00bbnormal\u00a0\u00bb color=\u00a0\u00bb#031959&Prime;][vc_empty_space height=\u00a0\u00bb15px\u00a0\u00bb][vc_column_text]Les FAC ont construit des \u00ab Camps Maple Leaf \u00bb partout dans le monde, l\u00e0 o\u00f9 les militaires \u00e9taient d\u00e9ploy\u00e9s. Selon la tradition, ils \u00e9taient mis \u00e0 la disposition de la population locale apr\u00e8s leur d\u00e9part. Fond\u00e9 en 1955 par le Canadian Council of War Veterans Associations, le camp se dresse sur une superbe \u00eele verdoyante de 104 acres situ\u00e9e sur le lac Pigeon.<\/p>\n<p>Il incarne l\u2019esprit de d\u00e9vouement et d\u2019entraide dont les v\u00e9t\u00e9rans ont fait preuve tout au long de leurs ann\u00e9es de service. C\u2019\u00e9tait \u00e0 l\u2019origine un monument vivant aux soldats canadiens qui ont sacrifi\u00e9 leurs vies pour la paix, cr\u00e9\u00e9 gr\u00e2ce au travail acharn\u00e9 de passionn\u00e9s, sans financement du gouvernement.<\/p>\n<p>Dirig\u00e9 par la Camp Tanamakoon Charitable Foundation depuis 2016, le Camp Maple Leaf est heureux de poursuivre cette belle tradition gr\u00e2ce au soutien de nombreux donateurs, b\u00e9n\u00e9voles et membres du personnel. Pour Kim Smith, pr\u00e9sident du Camp Maple Leaf, c\u2019est un<br \/>\nh\u00e9ritage particuli\u00e8rement important. Son p\u00e8re, Bruce, \u00e9tait un militaire, et il croit fermement qu\u2019il faut rendre hommage \u00e0 ceux qui ont sacrifi\u00e9 leur vie pour la paix.<\/p>\n<p>Kim s\u2019engage \u00e0 poursuivre le travail des fondateurs du camp en soutenant les familles de militaires et en faisant tomber les obstacles qui emp\u00eachent les enfants de conna\u00eetre une exp\u00e9rience de camp de vacances essentielle \u00e0 leur bien-\u00eatre. Nous allons continuer d\u2019enrichir la vision de nos fondateurs en invitant tous les campeurs qui rencontrent des difficult\u00e9s uniques \u00e0 partager le plaisir, les amiti\u00e9s et le sentiment d\u2019appartenance qui sont, et seront toujours, au coeur de l\u2019exp\u00e9rience Camp Maple Leaf.[\/vc_column_text][vc_empty_space height=\u00a0\u00bb33px\u00a0\u00bb]<a  itemprop=\"url\" href=\"\/pdfs\/CML_Strategic_Plan_2021-2024_sm.pdf\" target=\"_blank\" data-hover-background-color=\"#3e3a3b\" data-hover-border-color=\"#3e3a3b\" data-hover-color=\"#ffffff\" class=\"qbutton  default\" style=\"color: #ffffff; border-color: #031959; background-color:#031959;\">Strategic Plan<\/a>[\/qode_elements_holder_item][\/qode_elements_holder][vc_empty_space height=\u00a0\u00bb30px\u00a0\u00bb][\/vc_column_inner][\/vc_row_inner][vc_row_inner row_type=\u00a0\u00bbrow\u00a0\u00bb type=\u00a0\u00bbfull_width\u00a0\u00bb text_align=\u00a0\u00bbleft\u00a0\u00bb css_animation=\u00a0\u00bb\u00a0\u00bb el_class=\u00a0\u00bb.disableRow\u00a0\u00bb][vc_column_inner offset=\u00a0\u00bbvc_col-md-4&Prime;]<div class=\"q_counter_holder  center\" style=\"\" data-digit=\"1982\"><span class=\"counter  zero\" style=\"color: #c89454;font-size: 60px;font-weight: 400;\">1982<\/span><p class=\"counter_text\" style=\"font-size: 27px;font-weight: 400;text-transform: none;color: #3e3a3b;\">Nullam neque<\/p><\/div>[vc_empty_space height=\u00a0\u00bb30px\u00a0\u00bb][\/vc_column_inner][vc_column_inner offset=\u00a0\u00bbvc_col-md-4&Prime;]<div class=\"q_counter_holder  center\" style=\"\" data-digit=\"284\"><span class=\"counter  zero\" style=\"color: #c89454;font-size: 60px;font-weight: 400;\">284<\/span><p class=\"counter_text\" style=\"font-size: 27px;font-weight: 400;text-transform: none;color: #3e3a3b;\">Sed gravida<\/p><\/div>[vc_empty_space height=\u00a0\u00bb30px\u00a0\u00bb][\/vc_column_inner][vc_column_inner offset=\u00a0\u00bbvc_col-md-4&Prime;]<div class=\"q_counter_holder  center\" style=\"\" data-digit=\"2190\"><span class=\"counter  zero\" style=\"color: #c89454;font-size: 60px;font-weight: 400;\">2190<\/span><p class=\"counter_text\" style=\"font-size: 27px;font-weight: 400;text-transform: none;color: #3e3a3b;\">Quisque muis<\/p><\/div>[vc_empty_space height=\u00a0\u00bb30px\u00a0\u00bb][\/vc_column_inner][\/vc_row_inner][\/vc_column][\/vc_row][vc_row css_animation=\u00a0\u00bb\u00a0\u00bb row_type=\u00a0\u00bbrow\u00a0\u00bb use_row_as_full_screen_section=\u00a0\u00bbno\u00a0\u00bb type=\u00a0\u00bbfull_width\u00a0\u00bb angled_section=\u00a0\u00bbno\u00a0\u00bb text_align=\u00a0\u00bbcenter\u00a0\u00bb background_image_as_pattern=\u00a0\u00bbwithout_pattern\u00a0\u00bb padding_top=\u00a0\u00bb155&Prime; css=\u00a0\u00bb.vc_custom_1640209190313{padding-bottom: 11% !important;background-image: url(http:\/\/bridge162.qodeinteractive.com\/wp-content\/uploads\/2018\/02\/home-background-3-1.jpg?id=104) !important;background-position: center !important;background-repeat: no-repeat !important;background-size: cover !important;}\u00a0\u00bb z_index=\u00a0\u00bb\u00a0\u00bb el_class=\u00a0\u00bb.disableRow\u00a0\u00bb][vc_column][vc_column_text]<\/p>\n<h4>The Tanamakoon<\/h4>\n<p>[\/vc_column_text][qode_elements_holder number_of_columns=\u00a0\u00bbone_column\u00a0\u00bb][qode_elements_holder_item advanced_animations=\u00a0\u00bbno\u00a0\u00bb item_padding=\u00a0\u00bb0px 29% 0 29%\u00a0\u00bb item_padding_1024_1280=\u00a0\u00bb0px 22% 0 22%\u00a0\u00bb item_padding_768_1024=\u00a0\u00bb0px 18% 0 18%\u00a0\u00bb item_padding_480_600=\u00a0\u00bb0px 3% 0 3%\u00a0\u00bb item_padding_480=\u00a0\u00bb0px 3% 0 3%\u00a0\u00bb]<div class='testimonials_holder clearfix '><div class=\"testimonials testimonials_carousel\" data-show-navigation=\"no\" data-animation-type=\"fade\" data-animation-speed=\"\" data-auto-rotate-slides=\"3\" data-number-per-slide=\"1\"><ul class=\"slides\">Sorry, no posts matched your criteria.<\/ul><\/div><\/div>[\/qode_elements_holder_item][\/qode_elements_holder][\/vc_column][\/vc_row][vc_row css_animation=\u00a0\u00bb\u00a0\u00bb row_type=\u00a0\u00bbrow\u00a0\u00bb use_row_as_full_screen_section=\u00a0\u00bbno\u00a0\u00bb type=\u00a0\u00bbfull_width\u00a0\u00bb angled_section=\u00a0\u00bbno\u00a0\u00bb text_align=\u00a0\u00bbleft\u00a0\u00bb background_image_as_pattern=\u00a0\u00bbwithout_pattern\u00a0\u00bb][vc_column width=\u00a0\u00bb1\/2&Prime;][\/vc_column][vc_column width=\u00a0\u00bb1\/2&Prime;][\/vc_column][\/vc_row]<\/p>\n<\/div>","protected":false},"excerpt":{"rendered":"<p>[vc_row css_animation=\u00a0\u00bb\u00a0\u00bb row_type=\u00a0\u00bbrow\u00a0\u00bb use_row_as_full_screen_section=\u00a0\u00bbno\u00a0\u00bb type=\u00a0\u00bbgrid\u00a0\u00bb angled_section=\u00a0\u00bbno\u00a0\u00bb text_align=\u00a0\u00bbleft\u00a0\u00bb background_image_as_pattern=\u00a0\u00bbwithout_pattern\u00a0\u00bb padding_top=\u00a0\u00bb40&Prime; padding_bottom=\u00a0\u00bb40&Prime; z_index=\u00a0\u00bb\u00a0\u00bb][vc_column offset=\u00a0\u00bbvc_col-md-7&Prime;][vc_empty_space height=\u00a0\u00bb20px\u00a0\u00bb][vc_column_text] Organisme de bienfaisance fond\u00e9 en 1955, le Camp Maple Leaf a accueilli des milliers d\u2019enfants qui rencontrent des difficult\u00e9s semblables au cours des 65 derni\u00e8res ann\u00e9es. [\/vc_column_text][vc_empty_space height=\u00a0\u00bb20px\u00a0\u00bb][vc_separator type=\u00a0\u00bbnormal\u00a0\u00bb color=\u00a0\u00bb#031959&Prime;][vc_empty_space height=\u00a0\u00bb20px\u00a0\u00bb][vc_row_inner row_type=\u00a0\u00bbrow\u00a0\u00bb&#8230;<\/p>\n","protected":false},"author":1,"featured_media":0,"parent":0,"menu_order":0,"comment_status":"closed","ping_status":"closed","template":"full_width.php","meta":{"_monsterinsights_skip_tracking":false,"_monsterinsights_sitenote_active":false,"_monsterinsights_sitenote_note":"","_monsterinsights_sitenote_category":0,"footnotes":""},"class_list":["post-1413","page","type-page","status-publish","hentry"],"_links":{"self":[{"href":"https:\/\/www.campmapleleaf.ca\/fr\/wp-json\/wp\/v2\/pages\/1413","targetHints":{"allow":["GET"]}}],"collection":[{"href":"https:\/\/www.campmapleleaf.ca\/fr\/wp-json\/wp\/v2\/pages"}],"about":[{"href":"https:\/\/www.campmapleleaf.ca\/fr\/wp-json\/wp\/v2\/types\/page"}],"author":[{"embeddable":true,"href":"https:\/\/www.campmapleleaf.ca\/fr\/wp-json\/wp\/v2\/users\/1"}],"replies":[{"embeddable":true,"href":"https:\/\/www.campmapleleaf.ca\/fr\/wp-json\/wp\/v2\/comments?post=1413"}],"version-history":[{"count":3,"href":"https:\/\/www.campmapleleaf.ca\/fr\/wp-json\/wp\/v2\/pages\/1413\/revisions"}],"predecessor-version":[{"id":1683,"href":"https:\/\/www.campmapleleaf.ca\/fr\/wp-json\/wp\/v2\/pages\/1413\/revisions\/1683"}],"wp:attachment":[{"href":"https:\/\/www.campmapleleaf.ca\/fr\/wp-json\/wp\/v2\/media?parent=1413"}],"curies":[{"name":"wp","href":"https:\/\/api.w.org\/{rel}","templated":true}]}}